{"id":2734,"date":"2026-03-13T10:41:45","date_gmt":"2026-03-13T13:41:45","guid":{"rendered":"https:\/\/ipojucaurbanoambiental.com.br\/?page_id=2734"},"modified":"2026-03-24T12:45:42","modified_gmt":"2026-03-24T15:45:42","slug":"faq","status":"publish","type":"page","link":"https:\/\/ipojucaurbanoambiental.com.br\/index.php\/faq\/","title":{"rendered":"D\u00favidas Frequentes (FAQ)"},"content":{"rendered":"\t\t<div data-elementor-type=\"wp-post\" data-elementor-id=\"2734\" class=\"elementor elementor-2734\" data-elementor-post-type=\"page\">\n\t\t\t\t\t\t<section class=\"elementor-section elementor-top-section elementor-element elementor-element-110ba24 elementor-section-boxed elementor-section-height-default elementor-section-height-default\" data-id=\"110ba24\" data-element_type=\"section\" data-settings=\"{&quot;background_background&quot;:&quot;classic&quot;}\">\n\t\t\t\t\t\t<div class=\"elementor-container elementor-column-gap-default\">\n\t\t\t\t\t<div class=\"elementor-column elementor-col-100 elementor-top-column elementor-element elementor-element-be46568\" data-id=\"be46568\" data-element_type=\"column\">\n\t\t\t<div class=\"elementor-widget-wrap elementor-element-populated\">\n\t\t\t\t\t\t<div class=\"elementor-element elementor-element-3d53edd elementor-nav-menu__align-center elementor-nav-menu--dropdown-mobile elementor-nav-menu__text-align-aside elementor-nav-menu--toggle elementor-nav-menu--burger elementor-widget elementor-widget-nav-menu\" data-id=\"3d53edd\" data-element_type=\"widget\" data-settings=\"{&quot;layout&quot;:&quot;horizontal&quot;,&quot;submenu_icon&quot;:{&quot;value&quot;:&quot;&lt;i class=\\&quot;fas fa-caret-down\\&quot;&gt;&lt;\\\/i&gt;&quot;,&quot;library&quot;:&quot;fa-solid&quot;},&quot;toggle&quot;:&quot;burger&quot;}\" data-widget_type=\"nav-menu.default\">\n\t\t\t\t<div class=\"elementor-widget-container\">\n\t\t\t<link rel=\"stylesheet\" href=\"https:\/\/ipojucaurbanoambiental.com.br\/wp-content\/plugins\/elementor-pro\/assets\/css\/widget-nav-menu.min.css\">\t\t\t<nav class=\"elementor-nav-menu--main elementor-nav-menu__container elementor-nav-menu--layout-horizontal e--pointer-double-line e--animation-drop-in\">\n\t\t\t\t<ul id=\"menu-1-3d53edd\" class=\"elementor-nav-menu\"><li class=\"menu-item menu-item-type-post_type menu-item-object-page menu-item-home menu-item-2195\"><a href=\"https:\/\/ipojucaurbanoambiental.com.br\/\" class=\"elementor-item\">In\u00edcio<\/a><\/li>\n<li class=\"menu-item menu-item-type-post_type menu-item-object-page menu-item-2194\"><a href=\"https:\/\/ipojucaurbanoambiental.com.br\/index.php\/servicos-licenciamento\/\" class=\"elementor-item\">Solicita\u00e7\u00f5es<\/a><\/li>\n<li class=\"menu-item menu-item-type-custom menu-item-object-custom menu-item-has-children menu-item-2217\"><a class=\"elementor-item\">Informa\u00e7\u00f5es \u00dateis<\/a>\n<ul class=\"sub-menu elementor-nav-menu--dropdown\">\n\t<li class=\"menu-item menu-item-type-post_type menu-item-object-page menu-item-2742\"><a href=\"https:\/\/ipojucaurbanoambiental.com.br\/index.php\/faq\/\" class=\"elementor-sub-item\">D\u00favidas Frequentes (FAQ)<\/a><\/li>\n\t<li class=\"menu-item menu-item-type-custom menu-item-object-custom menu-item-2726\"><a href=\"https:\/\/drive.google.com\/drive\/folders\/19omL0KxVtLKfbNp5wxB2N-wrnsS2L9a-?usp=drive_link\" class=\"elementor-sub-item\">Legisla\u00e7\u00e3o Urban\u00edstica<\/a><\/li>\n\t<li class=\"menu-item menu-item-type-custom menu-item-object-custom menu-item-2727\"><a href=\"https:\/\/drive.google.com\/drive\/folders\/1kADiffp_JCfNs1wp3yCW5NM2tFhN4hLy?usp=drive_link\" class=\"elementor-sub-item\">Plantas Loteamentos<\/a><\/li>\n\t<li class=\"menu-item menu-item-type-post_type menu-item-object-page menu-item-852\"><a href=\"https:\/\/ipojucaurbanoambiental.com.br\/index.php\/mapa-de-macrozoneamento\/\" class=\"elementor-sub-item\">Mapa de Macrozoneamento<\/a><\/li>\n\t<li class=\"menu-item menu-item-type-post_type menu-item-object-page menu-item-1847\"><a href=\"https:\/\/ipojucaurbanoambiental.com.br\/index.php\/calcule-a-const\/\" class=\"elementor-sub-item\">Calcule a \u00c1rea Constru\u00edda<\/a><\/li>\n\t<li class=\"menu-item menu-item-type-post_type menu-item-object-page menu-item-2184\"><a href=\"https:\/\/ipojucaurbanoambiental.com.br\/index.php\/cep\/\" class=\"elementor-sub-item\">Encontre o CEP<\/a><\/li>\n<\/ul>\n<\/li>\n<li class=\"menu-item menu-item-type-post_type menu-item-object-page menu-item-2694\"><a href=\"https:\/\/ipojucaurbanoambiental.com.br\/index.php\/denuncia\/\" class=\"elementor-item\">Den\u00fancia<\/a><\/li>\n<\/ul>\t\t\t<\/nav>\n\t\t\t\t\t<div class=\"elementor-menu-toggle\" role=\"button\" tabindex=\"0\" aria-label=\"Menu Toggle\" aria-expanded=\"false\">\n\t\t\t<i aria-hidden=\"true\" role=\"presentation\" class=\"elementor-menu-toggle__icon--open eicon-menu-bar\"><\/i><i aria-hidden=\"true\" role=\"presentation\" class=\"elementor-menu-toggle__icon--close eicon-close\"><\/i>\t\t\t<span class=\"elementor-screen-only\">Menu<\/span>\n\t\t<\/div>\n\t\t\t\t\t<nav class=\"elementor-nav-menu--dropdown elementor-nav-menu__container\" aria-hidden=\"true\">\n\t\t\t\t<ul id=\"menu-2-3d53edd\" class=\"elementor-nav-menu\"><li class=\"menu-item menu-item-type-post_type menu-item-object-page menu-item-home menu-item-2195\"><a href=\"https:\/\/ipojucaurbanoambiental.com.br\/\" class=\"elementor-item\" tabindex=\"-1\">In\u00edcio<\/a><\/li>\n<li class=\"menu-item menu-item-type-post_type menu-item-object-page menu-item-2194\"><a href=\"https:\/\/ipojucaurbanoambiental.com.br\/index.php\/servicos-licenciamento\/\" class=\"elementor-item\" tabindex=\"-1\">Solicita\u00e7\u00f5es<\/a><\/li>\n<li class=\"menu-item menu-item-type-custom menu-item-object-custom menu-item-has-children menu-item-2217\"><a class=\"elementor-item\" tabindex=\"-1\">Informa\u00e7\u00f5es \u00dateis<\/a>\n<ul class=\"sub-menu elementor-nav-menu--dropdown\">\n\t<li class=\"menu-item menu-item-type-post_type menu-item-object-page menu-item-2742\"><a href=\"https:\/\/ipojucaurbanoambiental.com.br\/index.php\/faq\/\" class=\"elementor-sub-item\" tabindex=\"-1\">D\u00favidas Frequentes (FAQ)<\/a><\/li>\n\t<li class=\"menu-item menu-item-type-custom menu-item-object-custom menu-item-2726\"><a href=\"https:\/\/drive.google.com\/drive\/folders\/19omL0KxVtLKfbNp5wxB2N-wrnsS2L9a-?usp=drive_link\" class=\"elementor-sub-item\" tabindex=\"-1\">Legisla\u00e7\u00e3o Urban\u00edstica<\/a><\/li>\n\t<li class=\"menu-item menu-item-type-custom menu-item-object-custom menu-item-2727\"><a href=\"https:\/\/drive.google.com\/drive\/folders\/1kADiffp_JCfNs1wp3yCW5NM2tFhN4hLy?usp=drive_link\" class=\"elementor-sub-item\" tabindex=\"-1\">Plantas Loteamentos<\/a><\/li>\n\t<li class=\"menu-item menu-item-type-post_type menu-item-object-page menu-item-852\"><a href=\"https:\/\/ipojucaurbanoambiental.com.br\/index.php\/mapa-de-macrozoneamento\/\" class=\"elementor-sub-item\" tabindex=\"-1\">Mapa de Macrozoneamento<\/a><\/li>\n\t<li class=\"menu-item menu-item-type-post_type menu-item-object-page menu-item-1847\"><a href=\"https:\/\/ipojucaurbanoambiental.com.br\/index.php\/calcule-a-const\/\" class=\"elementor-sub-item\" tabindex=\"-1\">Calcule a \u00c1rea Constru\u00edda<\/a><\/li>\n\t<li class=\"menu-item menu-item-type-post_type menu-item-object-page menu-item-2184\"><a href=\"https:\/\/ipojucaurbanoambiental.com.br\/index.php\/cep\/\" class=\"elementor-sub-item\" tabindex=\"-1\">Encontre o CEP<\/a><\/li>\n<\/ul>\n<\/li>\n<li class=\"menu-item menu-item-type-post_type menu-item-object-page menu-item-2694\"><a href=\"https:\/\/ipojucaurbanoambiental.com.br\/index.php\/denuncia\/\" class=\"elementor-item\" tabindex=\"-1\">Den\u00fancia<\/a><\/li>\n<\/ul>\t\t\t<\/nav>\n\t\t\t\t<\/div>\n\t\t\t\t<\/div>\n\t\t\t\t\t<\/div>\n\t\t<\/div>\n\t\t\t\t\t<\/div>\n\t\t<\/section>\n\t\t\t\t<section class=\"elementor-section elementor-top-section elementor-element elementor-element-12649b1 elementor-section-boxed elementor-section-height-default elementor-section-height-default\" data-id=\"12649b1\" data-element_type=\"section\">\n\t\t\t\t\t\t<div class=\"elementor-container elementor-column-gap-default\">\n\t\t\t\t\t<div class=\"elementor-column elementor-col-100 elementor-top-column elementor-element elementor-element-cc10ed9\" data-id=\"cc10ed9\" data-element_type=\"column\">\n\t\t\t<div class=\"elementor-widget-wrap elementor-element-populated\">\n\t\t\t\t\t\t<div class=\"elementor-element elementor-element-85d9bfd elementor-widget elementor-widget-heading\" data-id=\"85d9bfd\" data-element_type=\"widget\" data-widget_type=\"heading.default\">\n\t\t\t\t<div class=\"elementor-widget-container\">\n\t\t\t<style>\/*! elementor - v3.21.0 - 08-05-2024 *\/\n.elementor-heading-title{padding:0;margin:0;line-height:1}.elementor-widget-heading .elementor-heading-title[class*=elementor-size-]>a{color:inherit;font-size:inherit;line-height:inherit}.elementor-widget-heading .elementor-heading-title.elementor-size-small{font-size:15px}.elementor-widget-heading .elementor-heading-title.elementor-size-medium{font-size:19px}.elementor-widget-heading .elementor-heading-title.elementor-size-large{font-size:29px}.elementor-widget-heading .elementor-heading-title.elementor-size-xl{font-size:39px}.elementor-widget-heading .elementor-heading-title.elementor-size-xxl{font-size:59px}<\/style><h4 class=\"elementor-heading-title elementor-size-default\"><span style=\"color: rgb(26, 74, 107); font-family: Sora, sans-serif; font-size: 12px; letter-spacing: 0.96px; text-align: start; text-transform: uppercase; white-space-collapse: collapse;\">D\u00daVIDAS FREQUENTES<\/span><\/h4>\t\t<\/div>\n\t\t\t\t<\/div>\n\t\t\t\t\t<\/div>\n\t\t<\/div>\n\t\t\t\t\t<\/div>\n\t\t<\/section>\n\t\t\t\t<section class=\"elementor-section elementor-top-section elementor-element elementor-element-e2ca476 elementor-section-boxed elementor-section-height-default elementor-section-height-default\" data-id=\"e2ca476\" data-element_type=\"section\">\n\t\t\t\t\t\t<div class=\"elementor-container elementor-column-gap-default\">\n\t\t\t\t\t<div class=\"elementor-column elementor-col-100 elementor-top-column elementor-element elementor-element-f7d176d\" data-id=\"f7d176d\" data-element_type=\"column\">\n\t\t\t<div class=\"elementor-widget-wrap elementor-element-populated\">\n\t\t\t\t\t\t<div class=\"elementor-element elementor-element-23bcfa4 elementor-widget elementor-widget-html\" data-id=\"23bcfa4\" data-element_type=\"widget\" data-widget_type=\"html.default\">\n\t\t\t\t<div class=\"elementor-widget-container\">\n\t\t\t<style>\n#busca-toggle .highlight-search {\n  background: yellow;\n  font-weight: bold;\n}\n<\/style>\n\n<center>\n<form onsubmit=\"searchToggle(this.t1.value); return false;\" style=\"margin-bottom:20px;\">\n  <input type=\"search\" name=\"t1\" placeholder=\"Digite sua busca\" style=\"padding:5px;\">\n  <input type=\"submit\" value=\"Buscar\" style=\"padding:5px 15px;\">\n<\/form>\n<\/center>\n\n<script>\nfunction searchToggle(term) {\n\n  if (!term) return;\n  term = term.trim().toLowerCase();\n\n  const container = document.getElementById(\"busca-toggle\");\n\n  \/\/ remover destaques anteriores\n  container.querySelectorAll('.highlight-search').forEach(el => {\n    el.outerHTML = el.innerText;\n  });\n\n  const contents = container.querySelectorAll('.elementor-tab-content');\n\n  let found = false;\n  let firstMatch = null;\n\n  contents.forEach(content => {\n\n    \/\/ \ud83d\udd25 CORRE\u00c7\u00c3O AQUI\n    if (content.innerHTML.toLowerCase().includes(term)) {\n\n      const title = content.previousElementSibling;\n\n      if (title && !title.classList.contains('elementor-active')) {\n        title.click();\n      }\n\n      highlight(content, term);\n\n      if (!firstMatch) {\n        firstMatch = content;\n      }\n\n      found = true;\n    }\n  });\n\n  if (firstMatch) {\n    firstMatch.scrollIntoView({behavior:\"smooth\", block:\"center\"});\n  }\n\n  if (!found) {\n    alert(\"Termo n\u00e3o encontrado.\");\n  }\n}\n\nfunction highlight(element, term) {\n  const regex = new RegExp(\"(\" + term + \")\", \"gi\");\n\n  element.innerHTML = element.innerHTML.replace(regex, function(match) {\n    return '<span class=\"highlight-search\">' + match + '<\/span>';\n  });\n}\n<\/script>\t\t<\/div>\n\t\t\t\t<\/div>\n\t\t\t\t\t<\/div>\n\t\t<\/div>\n\t\t\t\t\t<\/div>\n\t\t<\/section>\n\t\t\t\t<section class=\"elementor-section elementor-top-section elementor-element elementor-element-98d1c93 elementor-section-boxed elementor-section-height-default elementor-section-height-default\" data-id=\"98d1c93\" data-element_type=\"section\">\n\t\t\t\t\t\t<div class=\"elementor-container elementor-column-gap-default\">\n\t\t\t\t\t<div class=\"elementor-column elementor-col-100 elementor-top-column elementor-element elementor-element-983064a\" data-id=\"983064a\" data-element_type=\"column\">\n\t\t\t<div class=\"elementor-widget-wrap elementor-element-populated\">\n\t\t\t\t\t\t<div class=\"elementor-element elementor-element-1c96463 elementor-widget elementor-widget-toggle\" data-id=\"1c96463\" data-element_type=\"widget\" id=\"busca-toggle\" data-widget_type=\"toggle.default\">\n\t\t\t\t<div class=\"elementor-widget-container\">\n\t\t\t<style>\/*! elementor - v3.21.0 - 08-05-2024 *\/\n.elementor-toggle{text-align:start}.elementor-toggle .elementor-tab-title{font-weight:700;line-height:1;margin:0;padding:15px;border-bottom:1px solid #d5d8dc;cursor:pointer;outline:none}.elementor-toggle .elementor-tab-title .elementor-toggle-icon{display:inline-block;width:1em}.elementor-toggle .elementor-tab-title .elementor-toggle-icon svg{margin-inline-start:-5px;width:1em;height:1em}.elementor-toggle .elementor-tab-title .elementor-toggle-icon.elementor-toggle-icon-right{float:right;text-align:right}.elementor-toggle .elementor-tab-title .elementor-toggle-icon.elementor-toggle-icon-left{float:left;text-align:left}.elementor-toggle .elementor-tab-title .elementor-toggle-icon .elementor-toggle-icon-closed{display:block}.elementor-toggle .elementor-tab-title .elementor-toggle-icon .elementor-toggle-icon-opened{display:none}.elementor-toggle .elementor-tab-title.elementor-active{border-bottom:none}.elementor-toggle .elementor-tab-title.elementor-active .elementor-toggle-icon-closed{display:none}.elementor-toggle .elementor-tab-title.elementor-active .elementor-toggle-icon-opened{display:block}.elementor-toggle .elementor-tab-content{padding:15px;border-bottom:1px solid #d5d8dc;display:none}@media (max-width:767px){.elementor-toggle .elementor-tab-title{padding:12px}.elementor-toggle .elementor-tab-content{padding:12px 10px}}.e-con-inner>.elementor-widget-toggle,.e-con>.elementor-widget-toggle{width:var(--container-widget-width);--flex-grow:var(--container-widget-flex-grow)}<\/style>\t\t<div class=\"elementor-toggle\">\n\t\t\t\t\t\t\t<div class=\"elementor-toggle-item\">\n\t\t\t\t\t<div id=\"elementor-tab-title-2991\" class=\"elementor-tab-title\" data-tab=\"1\" role=\"button\" aria-controls=\"elementor-tab-content-2991\" aria-expanded=\"false\">\n\t\t\t\t\t\t\t\t\t\t\t\t<span class=\"elementor-toggle-icon elementor-toggle-icon-left\" aria-hidden=\"true\">\n\t\t\t\t\t\t\t\t\t\t\t\t\t\t\t<span class=\"elementor-toggle-icon-closed\"><i class=\"fas fa-caret-right\"><\/i><\/span>\n\t\t\t\t\t\t\t\t<span class=\"elementor-toggle-icon-opened\"><i class=\"elementor-toggle-icon-opened fas fa-caret-up\"><\/i><\/span>\n\t\t\t\t\t\t\t\t\t\t\t\t\t<\/span>\n\t\t\t\t\t\t\t\t\t\t\t\t<a class=\"elementor-toggle-title\" tabindex=\"0\">Posso abrir um protocolo online?<\/a>\n\t\t\t\t\t<\/div>\n\n\t\t\t\t\t<div id=\"elementor-tab-content-2991\" class=\"elementor-tab-content elementor-clearfix\" data-tab=\"1\" role=\"region\" aria-labelledby=\"elementor-tab-title-2991\"><p>Sim! Confira a lista completa de solicita\u00e7\u00f5es <span style=\"text-decoration: underline;\"><a href=\"https:\/\/ipojucaurbanoambiental.com.br\/index.php\/servicos-licenciamento\/\">aqui<\/a><\/span>.<\/p><\/div>\n\t\t\t\t<\/div>\n\t\t\t\t\t\t\t<div class=\"elementor-toggle-item\">\n\t\t\t\t\t<div id=\"elementor-tab-title-2992\" class=\"elementor-tab-title\" data-tab=\"2\" role=\"button\" aria-controls=\"elementor-tab-content-2992\" aria-expanded=\"false\">\n\t\t\t\t\t\t\t\t\t\t\t\t<span class=\"elementor-toggle-icon elementor-toggle-icon-left\" aria-hidden=\"true\">\n\t\t\t\t\t\t\t\t\t\t\t\t\t\t\t<span class=\"elementor-toggle-icon-closed\"><i class=\"fas fa-caret-right\"><\/i><\/span>\n\t\t\t\t\t\t\t\t<span class=\"elementor-toggle-icon-opened\"><i class=\"elementor-toggle-icon-opened fas fa-caret-up\"><\/i><\/span>\n\t\t\t\t\t\t\t\t\t\t\t\t\t<\/span>\n\t\t\t\t\t\t\t\t\t\t\t\t<a class=\"elementor-toggle-title\" tabindex=\"0\">Onde confiro a documenta\u00e7\u00e3o necess\u00e1ria para licenciamento?<\/a>\n\t\t\t\t\t<\/div>\n\n\t\t\t\t\t<div id=\"elementor-tab-content-2992\" class=\"elementor-tab-content elementor-clearfix\" data-tab=\"2\" role=\"region\" aria-labelledby=\"elementor-tab-title-2992\"><p>Voc\u00ea pode conferir as listas de documenta\u00e7\u00e3o exigida por assunto na p\u00e1gina de <span style=\"text-decoration: underline;\"><a href=\"https:\/\/ipojucaurbanoambiental.com.br\/index.php\/servicos-licenciamento\/\">Solicita\u00e7\u00f5es.<\/a><\/span><\/p><\/div>\n\t\t\t\t<\/div>\n\t\t\t\t\t\t\t<div class=\"elementor-toggle-item\">\n\t\t\t\t\t<div id=\"elementor-tab-title-2993\" class=\"elementor-tab-title\" data-tab=\"3\" role=\"button\" aria-controls=\"elementor-tab-content-2993\" aria-expanded=\"false\">\n\t\t\t\t\t\t\t\t\t\t\t\t<span class=\"elementor-toggle-icon elementor-toggle-icon-left\" aria-hidden=\"true\">\n\t\t\t\t\t\t\t\t\t\t\t\t\t\t\t<span class=\"elementor-toggle-icon-closed\"><i class=\"fas fa-caret-right\"><\/i><\/span>\n\t\t\t\t\t\t\t\t<span class=\"elementor-toggle-icon-opened\"><i class=\"elementor-toggle-icon-opened fas fa-caret-up\"><\/i><\/span>\n\t\t\t\t\t\t\t\t\t\t\t\t\t<\/span>\n\t\t\t\t\t\t\t\t\t\t\t\t<a class=\"elementor-toggle-title\" tabindex=\"0\">Quanto custam as taxas de licenciamento?<\/a>\n\t\t\t\t\t<\/div>\n\n\t\t\t\t\t<div id=\"elementor-tab-content-2993\" class=\"elementor-tab-content elementor-clearfix\" data-tab=\"3\" role=\"region\" aria-labelledby=\"elementor-tab-title-2993\"><p>\u00a0<\/p><p><img fetchpriority=\"high\" decoding=\"async\" class=\"alignnone size-full wp-image-2340\" src=\"http:\/\/ipojucaurbanoambiental.com.br\/wp-content\/uploads\/2026\/02\/taxas.png\" alt=\"\" width=\"473\" height=\"951\" srcset=\"https:\/\/ipojucaurbanoambiental.com.br\/wp-content\/uploads\/2026\/02\/taxas.png 473w, https:\/\/ipojucaurbanoambiental.com.br\/wp-content\/uploads\/2026\/02\/taxas-149x300.png 149w\" sizes=\"(max-width: 473px) 100vw, 473px\" \/><\/p><p>Fonte: <a style=\"font-family: var( --e-global-typography-text-font-family ), Sans-serif; font-weight: var( --e-global-typography-text-font-weight ); font-size: var(--neve-font-size-body, var(--wp--preset--font-size--normal));\" href=\"https:\/\/drive.google.com\/file\/d\/1gOeBVVjS479fC3blXS2Sn6UncpDPuLZM\/view?usp=drive_link\" target=\"_blank\" rel=\"noopener\"><span style=\"text-decoration: underline;\">C\u00f3digo Tribut\u00e1rio Municipal (Lei 1181\/95)<\/span><\/a><\/p><\/div>\n\t\t\t\t<\/div>\n\t\t\t\t\t\t\t<div class=\"elementor-toggle-item\">\n\t\t\t\t\t<div id=\"elementor-tab-title-2994\" class=\"elementor-tab-title\" data-tab=\"4\" role=\"button\" aria-controls=\"elementor-tab-content-2994\" aria-expanded=\"false\">\n\t\t\t\t\t\t\t\t\t\t\t\t<span class=\"elementor-toggle-icon elementor-toggle-icon-left\" aria-hidden=\"true\">\n\t\t\t\t\t\t\t\t\t\t\t\t\t\t\t<span class=\"elementor-toggle-icon-closed\"><i class=\"fas fa-caret-right\"><\/i><\/span>\n\t\t\t\t\t\t\t\t<span class=\"elementor-toggle-icon-opened\"><i class=\"elementor-toggle-icon-opened fas fa-caret-up\"><\/i><\/span>\n\t\t\t\t\t\t\t\t\t\t\t\t\t<\/span>\n\t\t\t\t\t\t\t\t\t\t\t\t<a class=\"elementor-toggle-title\" tabindex=\"0\">Existe um modelo de prancha\/carimbo para os projetos?<\/a>\n\t\t\t\t\t<\/div>\n\n\t\t\t\t\t<div id=\"elementor-tab-content-2994\" class=\"elementor-tab-content elementor-clearfix\" data-tab=\"4\" role=\"region\" aria-labelledby=\"elementor-tab-title-2994\"><p>Sim. O uso n\u00e3o \u00e9 obrigat\u00f3rio. O autor pode ficar livre para usar seu pr\u00f3prio carimbo, desde tome como base a NBR6492, tenha as informa\u00e7\u00f5es m\u00ednimas necess\u00e1rias e espa\u00e7o para os carimbos de licenciamento.<br \/><span style=\"text-decoration: underline; color: #000080;\"><a style=\"color: #000080; text-decoration: underline;\" href=\"https:\/\/drive.google.com\/file\/d\/1xnlEHQeYh3adpFkZQjYQhmJ7z6J4nsIe\/view?usp=sharing\" target=\"_blank\" rel=\"noopener\">Baixe aqui nosso modelo (em DWG)<\/a><\/span><\/p><\/div>\n\t\t\t\t<\/div>\n\t\t\t\t\t\t\t<div class=\"elementor-toggle-item\">\n\t\t\t\t\t<div id=\"elementor-tab-title-2995\" class=\"elementor-tab-title\" data-tab=\"5\" role=\"button\" aria-controls=\"elementor-tab-content-2995\" aria-expanded=\"false\">\n\t\t\t\t\t\t\t\t\t\t\t\t<span class=\"elementor-toggle-icon elementor-toggle-icon-left\" aria-hidden=\"true\">\n\t\t\t\t\t\t\t\t\t\t\t\t\t\t\t<span class=\"elementor-toggle-icon-closed\"><i class=\"fas fa-caret-right\"><\/i><\/span>\n\t\t\t\t\t\t\t\t<span class=\"elementor-toggle-icon-opened\"><i class=\"elementor-toggle-icon-opened fas fa-caret-up\"><\/i><\/span>\n\t\t\t\t\t\t\t\t\t\t\t\t\t<\/span>\n\t\t\t\t\t\t\t\t\t\t\t\t<a class=\"elementor-toggle-title\" tabindex=\"0\">Como sei em qual zona meu im\u00f3vel se encontra?<\/a>\n\t\t\t\t\t<\/div>\n\n\t\t\t\t\t<div id=\"elementor-tab-content-2995\" class=\"elementor-tab-content elementor-clearfix\" data-tab=\"5\" role=\"region\" aria-labelledby=\"elementor-tab-title-2995\"><p><span style=\"color: #7a7a7a; font-family: Roboto, sans-serif;\">Voc\u00ea pode solicitar uma <span style=\"text-decoration: underline;\"><a href=\"https:\/\/ipojuca.1doc.com.br\/b.php?pg=wp\/wp&amp;itd=14&amp;is=961439&amp;iser=01KBJGZGQ1EX1Q1BVQM044TZ07\" target=\"_blank\" rel=\"noopener\">Consulta Pr\u00e9via<\/a><\/span>.<\/span><\/p><p><span style=\"color: #7a7a7a; font-family: Roboto, sans-serif;\">Ou voc\u00ea pode localizar por conta pr\u00f3pria no mapa de macrozoneamento. \u00c9 poss\u00edvel visualiz\u00e1-lo <span style=\"text-decoration: underline;\"><a href=\"https:\/\/ipojucaurbanoambiental.com.br\/index.php\/mapa-de-macrozoneamento\/\">clicando aqui<\/a><\/span>, ou baixando o mapa em formato KML, <span style=\"text-decoration: underline;\"><a href=\"https:\/\/drive.google.com\/file\/d\/13fsDDhwXYI0VIbCBcO3l-R2Tbr_Y6qW7\/view?usp=drive_link\" target=\"_blank\" rel=\"noopener\">aqui<\/a>.<\/span><\/span><\/p><\/div>\n\t\t\t\t<\/div>\n\t\t\t\t\t\t\t<div class=\"elementor-toggle-item\">\n\t\t\t\t\t<div id=\"elementor-tab-title-2996\" class=\"elementor-tab-title\" data-tab=\"6\" role=\"button\" aria-controls=\"elementor-tab-content-2996\" aria-expanded=\"false\">\n\t\t\t\t\t\t\t\t\t\t\t\t<span class=\"elementor-toggle-icon elementor-toggle-icon-left\" aria-hidden=\"true\">\n\t\t\t\t\t\t\t\t\t\t\t\t\t\t\t<span class=\"elementor-toggle-icon-closed\"><i class=\"fas fa-caret-right\"><\/i><\/span>\n\t\t\t\t\t\t\t\t<span class=\"elementor-toggle-icon-opened\"><i class=\"elementor-toggle-icon-opened fas fa-caret-up\"><\/i><\/span>\n\t\t\t\t\t\t\t\t\t\t\t\t\t<\/span>\n\t\t\t\t\t\t\t\t\t\t\t\t<a class=\"elementor-toggle-title\" tabindex=\"0\">Como saber se meu terreno possui \u00e1rea de marinha?<\/a>\n\t\t\t\t\t<\/div>\n\n\t\t\t\t\t<div id=\"elementor-tab-content-2996\" class=\"elementor-tab-content elementor-clearfix\" data-tab=\"6\" role=\"region\" aria-labelledby=\"elementor-tab-title-2996\"><p>Esta informa\u00e7\u00e3o costuma constar no documento de propriedade (Cart\u00f3rio de Registro Geral de Im\u00f3veis).<\/p><p>Se seu terreno for beira-mar, voc\u00ea pode consultar a linha da Semas (Secretaria de Meio Ambiente e Sustentabilidade de Pernambuco) atrav\u00e9s deste arquivo <span style=\"text-decoration: underline;\"><a href=\"https:\/\/drive.google.com\/file\/d\/1zVqKdPYZfd7ONGgpvJgFla31WFy7HRNs\/view?usp=drive_link\" target=\"_blank\" rel=\"noopener\">KMZ<\/a><\/span> (Google Earth).<\/p><\/div>\n\t\t\t\t<\/div>\n\t\t\t\t\t\t\t<div class=\"elementor-toggle-item\">\n\t\t\t\t\t<div id=\"elementor-tab-title-2997\" class=\"elementor-tab-title\" data-tab=\"7\" role=\"button\" aria-controls=\"elementor-tab-content-2997\" aria-expanded=\"false\">\n\t\t\t\t\t\t\t\t\t\t\t\t<span class=\"elementor-toggle-icon elementor-toggle-icon-left\" aria-hidden=\"true\">\n\t\t\t\t\t\t\t\t\t\t\t\t\t\t\t<span class=\"elementor-toggle-icon-closed\"><i class=\"fas fa-caret-right\"><\/i><\/span>\n\t\t\t\t\t\t\t\t<span class=\"elementor-toggle-icon-opened\"><i class=\"elementor-toggle-icon-opened fas fa-caret-up\"><\/i><\/span>\n\t\t\t\t\t\t\t\t\t\t\t\t\t<\/span>\n\t\t\t\t\t\t\t\t\t\t\t\t<a class=\"elementor-toggle-title\" tabindex=\"0\">N\u00e3o posso fazer nada na \u00e1rea de afastamento?<\/a>\n\t\t\t\t\t<\/div>\n\n\t\t\t\t\t<div id=\"elementor-tab-content-2997\" class=\"elementor-tab-content elementor-clearfix\" data-tab=\"7\" role=\"region\" aria-labelledby=\"elementor-tab-title-2997\"><p>O que n\u00e3o pode haver \u00e9 \u00e1rea constru\u00edda (piso utiliz\u00e1vel coberto).<\/p><p>Pode haver \u00e1rea de piso, piscina, mobili\u00e1rio, arboriza\u00e7\u00e3o etc.<\/p><\/div>\n\t\t\t\t<\/div>\n\t\t\t\t\t\t\t<div class=\"elementor-toggle-item\">\n\t\t\t\t\t<div id=\"elementor-tab-title-2998\" class=\"elementor-tab-title\" data-tab=\"8\" role=\"button\" aria-controls=\"elementor-tab-content-2998\" aria-expanded=\"false\">\n\t\t\t\t\t\t\t\t\t\t\t\t<span class=\"elementor-toggle-icon elementor-toggle-icon-left\" aria-hidden=\"true\">\n\t\t\t\t\t\t\t\t\t\t\t\t\t\t\t<span class=\"elementor-toggle-icon-closed\"><i class=\"fas fa-caret-right\"><\/i><\/span>\n\t\t\t\t\t\t\t\t<span class=\"elementor-toggle-icon-opened\"><i class=\"elementor-toggle-icon-opened fas fa-caret-up\"><\/i><\/span>\n\t\t\t\t\t\t\t\t\t\t\t\t\t<\/span>\n\t\t\t\t\t\t\t\t\t\t\t\t<a class=\"elementor-toggle-title\" tabindex=\"0\">Se minha fachada \u00e9 obl\u00edqua em rela\u00e7\u00e3o \u00e0 divisa, como fica a regra de afastamento?<\/a>\n\t\t\t\t\t<\/div>\n\n\t\t\t\t\t<div id=\"elementor-tab-content-2998\" class=\"elementor-tab-content elementor-clearfix\" data-tab=\"8\" role=\"region\" aria-labelledby=\"elementor-tab-title-2998\"><p>Nestes casos ser\u00e1 considerado o ponto m\u00e9dio do segmento obl\u00edquo da fachada.<\/p><p>Mesmo assim, a medida m\u00ednima de 1,50m deve ser respeitada.<\/p><p>(Art. 244 da <span style=\"text-decoration: underline;\"><a href=\"https:\/\/drive.google.com\/file\/d\/1i6ugvXGyBR9Z3kL7Tq6vGGYPTiVnaJDP\/view?usp=drive_link\">Lei Municipal 1.490\/08<\/a><\/span>)<\/p><\/div>\n\t\t\t\t<\/div>\n\t\t\t\t\t\t\t<div class=\"elementor-toggle-item\">\n\t\t\t\t\t<div id=\"elementor-tab-title-2999\" class=\"elementor-tab-title\" data-tab=\"9\" role=\"button\" aria-controls=\"elementor-tab-content-2999\" aria-expanded=\"false\">\n\t\t\t\t\t\t\t\t\t\t\t\t<span class=\"elementor-toggle-icon elementor-toggle-icon-left\" aria-hidden=\"true\">\n\t\t\t\t\t\t\t\t\t\t\t\t\t\t\t<span class=\"elementor-toggle-icon-closed\"><i class=\"fas fa-caret-right\"><\/i><\/span>\n\t\t\t\t\t\t\t\t<span class=\"elementor-toggle-icon-opened\"><i class=\"elementor-toggle-icon-opened fas fa-caret-up\"><\/i><\/span>\n\t\t\t\t\t\t\t\t\t\t\t\t\t<\/span>\n\t\t\t\t\t\t\t\t\t\t\t\t<a class=\"elementor-toggle-title\" tabindex=\"0\">Meu terreno \u00e9 de esquina. Como sei o que \u00e9 lateral, frente, fundos?<\/a>\n\t\t\t\t\t<\/div>\n\n\t\t\t\t\t<div id=\"elementor-tab-content-2999\" class=\"elementor-tab-content elementor-clearfix\" data-tab=\"9\" role=\"region\" aria-labelledby=\"elementor-tab-title-2999\"><p>Para a legisla\u00e7\u00e3o\u00a0 municipal toda testada que faz divisa com \u00e1rea p\u00fablica (seja rua, seja alameda, seja pra\u00e7a) \u00e9 considerada <strong>frente<\/strong>.<\/p><p>Ent\u00e3o, o terreno pode ter mais de uma <strong>frente<\/strong>.<\/p><p>Nestes casos, a testada de maior comprimento poder\u00e1 ter afastamento um pouco menor que o valor da tabela. Verifique as observa\u00e7\u00f5es para cada caso no <span style=\"text-decoration: underline;\"><a href=\"https:\/\/drive.google.com\/file\/d\/1vfVwhM2tGoSfPqZ5dgbD-S1y0E-cKAPs\/view?usp=drive_link\" target=\"_blank\" rel=\"noopener\">Anexo VII da Lei 1490\/08 (Uso e Ocupa\u00e7\u00e3o do Solo)<\/a><\/span><\/p><p>Obs: no registro de im\u00f3veis (cart\u00f3rio) as nomenclaturas s\u00e3o diferentes.<\/p><\/div>\n\t\t\t\t<\/div>\n\t\t\t\t\t\t\t<div class=\"elementor-toggle-item\">\n\t\t\t\t\t<div id=\"elementor-tab-title-29910\" class=\"elementor-tab-title\" data-tab=\"10\" role=\"button\" aria-controls=\"elementor-tab-content-29910\" aria-expanded=\"false\">\n\t\t\t\t\t\t\t\t\t\t\t\t<span class=\"elementor-toggle-icon elementor-toggle-icon-left\" aria-hidden=\"true\">\n\t\t\t\t\t\t\t\t\t\t\t\t\t\t\t<span class=\"elementor-toggle-icon-closed\"><i class=\"fas fa-caret-right\"><\/i><\/span>\n\t\t\t\t\t\t\t\t<span class=\"elementor-toggle-icon-opened\"><i class=\"elementor-toggle-icon-opened fas fa-caret-up\"><\/i><\/span>\n\t\t\t\t\t\t\t\t\t\t\t\t\t<\/span>\n\t\t\t\t\t\t\t\t\t\t\t\t<a class=\"elementor-toggle-title\" tabindex=\"0\">O que \u00e9 Coeficiente de Aproveitamento? E como ele \u00e9 calculado?<\/a>\n\t\t\t\t\t<\/div>\n\n\t\t\t\t\t<div id=\"elementor-tab-content-29910\" class=\"elementor-tab-content elementor-clearfix\" data-tab=\"10\" role=\"region\" aria-labelledby=\"elementor-tab-title-29910\"><p>Coeficiente de aproveitamento \u00e9 a propor\u00e7\u00e3o de \u00e1rea constru\u00edda em rela\u00e7\u00e3o ao terreno.<\/p><p>Por exemplo, se um lote possui <strong>1.000m\u00b2<\/strong> e o coeficiente de aproveitamento permitido \u00e9 <strong>1<\/strong>, isto significa que a constru\u00e7\u00e3o poder\u00e1 ter, no m\u00e1ximo, <strong>1.000m\u00b2<\/strong> de \u00e1rea constru\u00edda.<\/p><p>Se o lote possui <strong>1.000m\u00b2<\/strong> e o coeficiente \u00e9 <strong>1,5<\/strong>, a \u00e1rea constru\u00edda m\u00e1xima ser\u00e1 de <strong>1.500m\u00b2.<\/strong><\/p><\/div>\n\t\t\t\t<\/div>\n\t\t\t\t\t\t\t<div class=\"elementor-toggle-item\">\n\t\t\t\t\t<div id=\"elementor-tab-title-29911\" class=\"elementor-tab-title\" data-tab=\"11\" role=\"button\" aria-controls=\"elementor-tab-content-29911\" aria-expanded=\"false\">\n\t\t\t\t\t\t\t\t\t\t\t\t<span class=\"elementor-toggle-icon elementor-toggle-icon-left\" aria-hidden=\"true\">\n\t\t\t\t\t\t\t\t\t\t\t\t\t\t\t<span class=\"elementor-toggle-icon-closed\"><i class=\"fas fa-caret-right\"><\/i><\/span>\n\t\t\t\t\t\t\t\t<span class=\"elementor-toggle-icon-opened\"><i class=\"elementor-toggle-icon-opened fas fa-caret-up\"><\/i><\/span>\n\t\t\t\t\t\t\t\t\t\t\t\t\t<\/span>\n\t\t\t\t\t\t\t\t\t\t\t\t<a class=\"elementor-toggle-title\" tabindex=\"0\">O que conta como \u00c1rea Constru\u00edda?<\/a>\n\t\t\t\t\t<\/div>\n\n\t\t\t\t\t<div id=\"elementor-tab-content-29911\" class=\"elementor-tab-content elementor-clearfix\" data-tab=\"11\" role=\"region\" aria-labelledby=\"elementor-tab-title-29911\"><p>No t\u00e9rreo s\u00e3o considerados todos pisos utiliz\u00e1veis cobertos. J\u00e1 nos demais pavimentos s\u00e3o considerados todos os pisos utiliz\u00e1veis (sejam cobertos ou n\u00e3o).<\/p><p>Para escadas, deve ser considerada a \u00e1rea da proje\u00e7\u00e3o vertical da escada multiplicada pelo n\u00famero de pavimentos que ela atende -1 (menos um).<\/p><p>Por exemplo, se a edifica\u00e7\u00e3o possui 4 pavimentos atendidos por uma escada, a \u00e1rea constru\u00edda dessa escada ser\u00e1 a soma de sua proje\u00e7\u00e3o vertical em 3 pavimentos.<\/p><\/div>\n\t\t\t\t<\/div>\n\t\t\t\t\t\t\t<div class=\"elementor-toggle-item\">\n\t\t\t\t\t<div id=\"elementor-tab-title-29912\" class=\"elementor-tab-title\" data-tab=\"12\" role=\"button\" aria-controls=\"elementor-tab-content-29912\" aria-expanded=\"false\">\n\t\t\t\t\t\t\t\t\t\t\t\t<span class=\"elementor-toggle-icon elementor-toggle-icon-left\" aria-hidden=\"true\">\n\t\t\t\t\t\t\t\t\t\t\t\t\t\t\t<span class=\"elementor-toggle-icon-closed\"><i class=\"fas fa-caret-right\"><\/i><\/span>\n\t\t\t\t\t\t\t\t<span class=\"elementor-toggle-icon-opened\"><i class=\"elementor-toggle-icon-opened fas fa-caret-up\"><\/i><\/span>\n\t\t\t\t\t\t\t\t\t\t\t\t\t<\/span>\n\t\t\t\t\t\t\t\t\t\t\t\t<a class=\"elementor-toggle-title\" tabindex=\"0\">Como \u00e9 calculada a Taxa de Ocupa\u00e7\u00e3o?<\/a>\n\t\t\t\t\t<\/div>\n\n\t\t\t\t\t<div id=\"elementor-tab-content-29912\" class=\"elementor-tab-content elementor-clearfix\" data-tab=\"12\" role=\"region\" aria-labelledby=\"elementor-tab-title-29912\"><p>Taxa de Ocupa\u00e7\u00e3o \u00e9 o percentual m\u00e1ximo de \u00e1rea ocupada pela proje\u00e7\u00e3o vertical da edifica\u00e7\u00e3o sobre o plano horizontal do lote ou gleba.<\/p><p>Entende-se por proje\u00e7\u00e3o vertical da edifica\u00e7\u00e3o a \u00e1rea de contorno do <strong>pavimento t\u00e9rreo<\/strong>, mesmo que ele n\u00e3o tenha elementos de fechamento para o exterior.<\/p><p>(Art. 242 da <span style=\"text-decoration: underline;\"><a href=\"https:\/\/drive.google.com\/file\/d\/1i6ugvXGyBR9Z3kL7Tq6vGGYPTiVnaJDP\/view?usp=drive_link\">Lei Municipal 1.490\/08<\/a><\/span>)<\/p><\/div>\n\t\t\t\t<\/div>\n\t\t\t\t\t\t\t<div class=\"elementor-toggle-item\">\n\t\t\t\t\t<div id=\"elementor-tab-title-29913\" class=\"elementor-tab-title\" data-tab=\"13\" role=\"button\" aria-controls=\"elementor-tab-content-29913\" aria-expanded=\"false\">\n\t\t\t\t\t\t\t\t\t\t\t\t<span class=\"elementor-toggle-icon elementor-toggle-icon-left\" aria-hidden=\"true\">\n\t\t\t\t\t\t\t\t\t\t\t\t\t\t\t<span class=\"elementor-toggle-icon-closed\"><i class=\"fas fa-caret-right\"><\/i><\/span>\n\t\t\t\t\t\t\t\t<span class=\"elementor-toggle-icon-opened\"><i class=\"elementor-toggle-icon-opened fas fa-caret-up\"><\/i><\/span>\n\t\t\t\t\t\t\t\t\t\t\t\t\t<\/span>\n\t\t\t\t\t\t\t\t\t\t\t\t<a class=\"elementor-toggle-title\" tabindex=\"0\">Como \u00e9 calculada a altura total da constru\u00e7\u00e3o (gabarito)?<\/a>\n\t\t\t\t\t<\/div>\n\n\t\t\t\t\t<div id=\"elementor-tab-content-29913\" class=\"elementor-tab-content elementor-clearfix\" data-tab=\"13\" role=\"region\" aria-labelledby=\"elementor-tab-title-29913\"><p>\u00c9 considerada a dist\u00e2ncia entre a soleira do piso de ingresso ao im\u00f3vel e a linha horizontal passando pelo ponto mais alto da edifica\u00e7\u00e3o, excluindo-se a caixa d\u2019\u00e1gua.<\/p><\/div>\n\t\t\t\t<\/div>\n\t\t\t\t\t\t\t<div class=\"elementor-toggle-item\">\n\t\t\t\t\t<div id=\"elementor-tab-title-29914\" class=\"elementor-tab-title\" data-tab=\"14\" role=\"button\" aria-controls=\"elementor-tab-content-29914\" aria-expanded=\"false\">\n\t\t\t\t\t\t\t\t\t\t\t\t<span class=\"elementor-toggle-icon elementor-toggle-icon-left\" aria-hidden=\"true\">\n\t\t\t\t\t\t\t\t\t\t\t\t\t\t\t<span class=\"elementor-toggle-icon-closed\"><i class=\"fas fa-caret-right\"><\/i><\/span>\n\t\t\t\t\t\t\t\t<span class=\"elementor-toggle-icon-opened\"><i class=\"elementor-toggle-icon-opened fas fa-caret-up\"><\/i><\/span>\n\t\t\t\t\t\t\t\t\t\t\t\t\t<\/span>\n\t\t\t\t\t\t\t\t\t\t\t\t<a class=\"elementor-toggle-title\" tabindex=\"0\">Mezanino conta como pavimento?<\/a>\n\t\t\t\t\t<\/div>\n\n\t\t\t\t\t<div id=\"elementor-tab-content-29914\" class=\"elementor-tab-content elementor-clearfix\" data-tab=\"14\" role=\"region\" aria-labelledby=\"elementor-tab-title-29914\"><p>N\u00e3o conta, desde que utilizado em um \u00fanico pavimento da edifica\u00e7\u00e3o e que a soma dos p\u00e9s direitos onde estiver localizado n\u00e3o seja maior que a soma dos p\u00e9s direitos m\u00ednimos previstos no c\u00f3digo de obras.<\/p><p>Ver demais regras no Art. 112 do <span style=\"text-decoration: underline;\"><a href=\"https:\/\/drive.google.com\/file\/d\/1D1h2P-LmtoIGJXzwd1_i11-cPE_CtTMX\/view?usp=drive_link\">C\u00f3digo de Obras<\/a><\/span>.<\/p><\/div>\n\t\t\t\t<\/div>\n\t\t\t\t\t\t\t<div class=\"elementor-toggle-item\">\n\t\t\t\t\t<div id=\"elementor-tab-title-29915\" class=\"elementor-tab-title\" data-tab=\"15\" role=\"button\" aria-controls=\"elementor-tab-content-29915\" aria-expanded=\"false\">\n\t\t\t\t\t\t\t\t\t\t\t\t<span class=\"elementor-toggle-icon elementor-toggle-icon-left\" aria-hidden=\"true\">\n\t\t\t\t\t\t\t\t\t\t\t\t\t\t\t<span class=\"elementor-toggle-icon-closed\"><i class=\"fas fa-caret-right\"><\/i><\/span>\n\t\t\t\t\t\t\t\t<span class=\"elementor-toggle-icon-opened\"><i class=\"elementor-toggle-icon-opened fas fa-caret-up\"><\/i><\/span>\n\t\t\t\t\t\t\t\t\t\t\t\t\t<\/span>\n\t\t\t\t\t\t\t\t\t\t\t\t<a class=\"elementor-toggle-title\" tabindex=\"0\">Preciso de Licen\u00e7a para limpeza de terreno?<\/a>\n\t\t\t\t\t<\/div>\n\n\t\t\t\t\t<div id=\"elementor-tab-content-29915\" class=\"elementor-tab-content elementor-clearfix\" data-tab=\"15\" role=\"region\" aria-labelledby=\"elementor-tab-title-29915\"><p>N\u00e3o precisa de<strong>\u00a0Licen\u00e7a de Execu\u00e7\u00e3o<\/strong>, mas \u00e9 necess\u00e1rio emitir uma <span style=\"text-decoration: underline;\"><a href=\"https:\/\/ipojuca.1doc.com.br\/b.php?pg=wp\/wp&amp;itd=13&amp;is=961423\"><strong>Licen\u00e7a Pr\u00e9via ambiental<\/strong><\/a><\/span>, para verificar se h\u00e1 esp\u00e9cies vegetais que devem ser preservadas.<\/p><\/div>\n\t\t\t\t<\/div>\n\t\t\t\t\t\t\t<div class=\"elementor-toggle-item\">\n\t\t\t\t\t<div id=\"elementor-tab-title-29916\" class=\"elementor-tab-title\" data-tab=\"16\" role=\"button\" aria-controls=\"elementor-tab-content-29916\" aria-expanded=\"false\">\n\t\t\t\t\t\t\t\t\t\t\t\t<span class=\"elementor-toggle-icon elementor-toggle-icon-left\" aria-hidden=\"true\">\n\t\t\t\t\t\t\t\t\t\t\t\t\t\t\t<span class=\"elementor-toggle-icon-closed\"><i class=\"fas fa-caret-right\"><\/i><\/span>\n\t\t\t\t\t\t\t\t<span class=\"elementor-toggle-icon-opened\"><i class=\"elementor-toggle-icon-opened fas fa-caret-up\"><\/i><\/span>\n\t\t\t\t\t\t\t\t\t\t\t\t\t<\/span>\n\t\t\t\t\t\t\t\t\t\t\t\t<a class=\"elementor-toggle-title\" tabindex=\"0\">Preciso de Licen\u00e7a para fazer muro no meu terreno?<\/a>\n\t\t\t\t\t<\/div>\n\n\t\t\t\t\t<div id=\"elementor-tab-content-29916\" class=\"elementor-tab-content elementor-clearfix\" data-tab=\"16\" role=\"region\" aria-labelledby=\"elementor-tab-title-29916\"><p><strong>Sim<\/strong>. Apesar de n\u00e3o precisar de projeto, \u00e9 necess\u00e1rio solicitar formalmente e apresentar a documenta\u00e7\u00e3o solicitada.<\/p><p>Para fazer um cercado simples, n\u00e3o precisa.<\/p><\/div>\n\t\t\t\t<\/div>\n\t\t\t\t\t\t\t<div class=\"elementor-toggle-item\">\n\t\t\t\t\t<div id=\"elementor-tab-title-29917\" class=\"elementor-tab-title\" data-tab=\"17\" role=\"button\" aria-controls=\"elementor-tab-content-29917\" aria-expanded=\"false\">\n\t\t\t\t\t\t\t\t\t\t\t\t<span class=\"elementor-toggle-icon elementor-toggle-icon-left\" aria-hidden=\"true\">\n\t\t\t\t\t\t\t\t\t\t\t\t\t\t\t<span class=\"elementor-toggle-icon-closed\"><i class=\"fas fa-caret-right\"><\/i><\/span>\n\t\t\t\t\t\t\t\t<span class=\"elementor-toggle-icon-opened\"><i class=\"elementor-toggle-icon-opened fas fa-caret-up\"><\/i><\/span>\n\t\t\t\t\t\t\t\t\t\t\t\t\t<\/span>\n\t\t\t\t\t\t\t\t\t\t\t\t<a class=\"elementor-toggle-title\" tabindex=\"0\">Preciso de Licen\u00e7a para instala\u00e7\u00e3o de Canteiro de Obras?<\/a>\n\t\t\t\t\t<\/div>\n\n\t\t\t\t\t<div id=\"elementor-tab-content-29917\" class=\"elementor-tab-content elementor-clearfix\" data-tab=\"17\" role=\"region\" aria-labelledby=\"elementor-tab-title-29917\"><p>Se o canteiro estiver no mesmo terreno onde a obra ir\u00e1 acontecer, n\u00e3o \u00e9 necess\u00e1ria <strong>Licen\u00e7a de Execu\u00e7\u00e3o<\/strong>. Por\u00e9m, antes de qualquer modifica\u00e7\u00e3o no terreno, \u00e9 necess\u00e1ria emiss\u00e3o de <strong><span style=\"text-decoration: underline;\"><a href=\"https:\/\/ipojuca.1doc.com.br\/b.php?pg=wp\/wp&amp;itd=13&amp;is=961423\">Licen\u00e7a Pr\u00e9via ambiental<\/a><\/span>.<\/strong><\/p><\/div>\n\t\t\t\t<\/div>\n\t\t\t\t\t\t\t<div class=\"elementor-toggle-item\">\n\t\t\t\t\t<div id=\"elementor-tab-title-29918\" class=\"elementor-tab-title\" data-tab=\"18\" role=\"button\" aria-controls=\"elementor-tab-content-29918\" aria-expanded=\"false\">\n\t\t\t\t\t\t\t\t\t\t\t\t<span class=\"elementor-toggle-icon elementor-toggle-icon-left\" aria-hidden=\"true\">\n\t\t\t\t\t\t\t\t\t\t\t\t\t\t\t<span class=\"elementor-toggle-icon-closed\"><i class=\"fas fa-caret-right\"><\/i><\/span>\n\t\t\t\t\t\t\t\t<span class=\"elementor-toggle-icon-opened\"><i class=\"elementor-toggle-icon-opened fas fa-caret-up\"><\/i><\/span>\n\t\t\t\t\t\t\t\t\t\t\t\t\t<\/span>\n\t\t\t\t\t\t\t\t\t\t\t\t<a class=\"elementor-toggle-title\" tabindex=\"0\">Preciso de Licen\u00e7a para executar uma demoli\u00e7\u00e3o?<\/a>\n\t\t\t\t\t<\/div>\n\n\t\t\t\t\t<div id=\"elementor-tab-content-29918\" class=\"elementor-tab-content elementor-clearfix\" data-tab=\"18\" role=\"region\" aria-labelledby=\"elementor-tab-title-29918\"><p><strong>Sim<\/strong>. \u00c9 necess\u00e1rio, entre outros documentos, apresentar documenta\u00e7\u00e3o do respons\u00e1vel t\u00e9cnico e um <strong>PGRCC<\/strong> (Plano de Gerenciamento de Res\u00edduos da Constru\u00e7\u00e3o Civil). Ap\u00f3s emiss\u00e3o da licen\u00e7a, o requerente dever\u00e1 apresentar o manifesto de res\u00edduos emitido por aterro sanit\u00e1rio licenciado. Outra op\u00e7\u00e3o \u00e9 apresentar recibo emitido por &#8220;papa-metralha&#8221;.<\/p><p><span style=\"text-decoration: underline;\"><a href=\"https:\/\/ipojuca.1doc.com.br\/b.php?pg=wp\/wp&amp;itd=14&amp;is=961876\">Solicitar Licen\u00e7a de Execu\u00e7\u00e3o para Demoli\u00e7\u00e3o<\/a><\/span><\/p><\/div>\n\t\t\t\t<\/div>\n\t\t\t\t\t\t\t<div class=\"elementor-toggle-item\">\n\t\t\t\t\t<div id=\"elementor-tab-title-29919\" class=\"elementor-tab-title\" data-tab=\"19\" role=\"button\" aria-controls=\"elementor-tab-content-29919\" aria-expanded=\"false\">\n\t\t\t\t\t\t\t\t\t\t\t\t<span class=\"elementor-toggle-icon elementor-toggle-icon-left\" aria-hidden=\"true\">\n\t\t\t\t\t\t\t\t\t\t\t\t\t\t\t<span class=\"elementor-toggle-icon-closed\"><i class=\"fas fa-caret-right\"><\/i><\/span>\n\t\t\t\t\t\t\t\t<span class=\"elementor-toggle-icon-opened\"><i class=\"elementor-toggle-icon-opened fas fa-caret-up\"><\/i><\/span>\n\t\t\t\t\t\t\t\t\t\t\t\t\t<\/span>\n\t\t\t\t\t\t\t\t\t\t\t\t<a class=\"elementor-toggle-title\" tabindex=\"0\">Minha constru\u00e7\u00e3o foi conclu\u00edda h\u00e1 v\u00e1rios anos. Posso solicitar Habite-se?<\/a>\n\t\t\t\t\t<\/div>\n\n\t\t\t\t\t<div id=\"elementor-tab-content-29919\" class=\"elementor-tab-content elementor-clearfix\" data-tab=\"19\" role=\"region\" aria-labelledby=\"elementor-tab-title-29919\"><p>Se a constru\u00e7\u00e3o possui <strong>Licen\u00e7a de Execu\u00e7\u00e3o<\/strong> da \u00e9poca e n\u00e3o houve modifica\u00e7\u00f5es em rela\u00e7\u00e3o ao projeto, o Habite-se poder\u00e1 ser solicitado.<\/p><p><span style=\"text-decoration: underline;\"><a href=\"https:\/\/ipojuca.1doc.com.br\/b.php?pg=wp\/wp&amp;itd=14&amp;is=961437\">Solicitar Habite-se<\/a><\/span><\/p><p>Caso n\u00e3o possua nenhum licenciamento nem averba\u00e7\u00e3o no documento de propriedade, ser\u00e1 analisada como <strong>constru\u00e7\u00e3o nova<\/strong> e ser\u00e3o considerados par\u00e2metros legais atuais.<\/p><p><span style=\"text-decoration: underline;\"><a href=\"https:\/\/ipojuca.1doc.com.br\/b.php?pg=wp\/wp&amp;itd=14&amp;is=961879\">Solicitar Regulariza\u00e7\u00e3o<\/a><\/span><\/p><\/div>\n\t\t\t\t<\/div>\n\t\t\t\t\t\t\t<div class=\"elementor-toggle-item\">\n\t\t\t\t\t<div id=\"elementor-tab-title-29920\" class=\"elementor-tab-title\" data-tab=\"20\" role=\"button\" aria-controls=\"elementor-tab-content-29920\" aria-expanded=\"false\">\n\t\t\t\t\t\t\t\t\t\t\t\t<span class=\"elementor-toggle-icon elementor-toggle-icon-left\" aria-hidden=\"true\">\n\t\t\t\t\t\t\t\t\t\t\t\t\t\t\t<span class=\"elementor-toggle-icon-closed\"><i class=\"fas fa-caret-right\"><\/i><\/span>\n\t\t\t\t\t\t\t\t<span class=\"elementor-toggle-icon-opened\"><i class=\"elementor-toggle-icon-opened fas fa-caret-up\"><\/i><\/span>\n\t\t\t\t\t\t\t\t\t\t\t\t\t<\/span>\n\t\t\t\t\t\t\t\t\t\t\t\t<a class=\"elementor-toggle-title\" tabindex=\"0\">Minha constru\u00e7\u00e3o tem cadastro imobili\u00e1rio (IPTU). Isto serve como documento de propriedade?<\/a>\n\t\t\t\t\t<\/div>\n\n\t\t\t\t\t<div id=\"elementor-tab-content-29920\" class=\"elementor-tab-content elementor-clearfix\" data-tab=\"20\" role=\"region\" aria-labelledby=\"elementor-tab-title-29920\"><p><strong>N\u00e3o<\/strong>. O documento de propriedade v\u00e1lido \u00e9 emitido pelo Cart\u00f3rio de <strong>Registro Geral de Im\u00f3veis do Ipojuca<\/strong>.<\/p><\/div>\n\t\t\t\t<\/div>\n\t\t\t\t\t\t\t<div class=\"elementor-toggle-item\">\n\t\t\t\t\t<div id=\"elementor-tab-title-29921\" class=\"elementor-tab-title\" data-tab=\"21\" role=\"button\" aria-controls=\"elementor-tab-content-29921\" aria-expanded=\"false\">\n\t\t\t\t\t\t\t\t\t\t\t\t<span class=\"elementor-toggle-icon elementor-toggle-icon-left\" aria-hidden=\"true\">\n\t\t\t\t\t\t\t\t\t\t\t\t\t\t\t<span class=\"elementor-toggle-icon-closed\"><i class=\"fas fa-caret-right\"><\/i><\/span>\n\t\t\t\t\t\t\t\t<span class=\"elementor-toggle-icon-opened\"><i class=\"elementor-toggle-icon-opened fas fa-caret-up\"><\/i><\/span>\n\t\t\t\t\t\t\t\t\t\t\t\t\t<\/span>\n\t\t\t\t\t\t\t\t\t\t\t\t<a class=\"elementor-toggle-title\" tabindex=\"0\">Onde encontro informa\u00e7\u00f5es sobre IPTU e Cadastro Imobili\u00e1rio?<\/a>\n\t\t\t\t\t<\/div>\n\n\t\t\t\t\t<div id=\"elementor-tab-content-29921\" class=\"elementor-tab-content elementor-clearfix\" data-tab=\"21\" role=\"region\" aria-labelledby=\"elementor-tab-title-29921\"><p>Acesse o\u00a0<span style=\"text-decoration: underline;\"><span style=\"color: #000000;\"><a href=\"https:\/\/www.tinus.com.br\/csp\/IPOJUCA\/portal\/index.csp?006elME8067cYBWj29965VLCI6264by=kyBX36myr928iCT58720VGIlO303NEgQW9236R5973130IHJF045\">Portal do Contribuinte<\/a><\/span><\/span><\/p><\/div>\n\t\t\t\t<\/div>\n\t\t\t\t\t\t\t<div class=\"elementor-toggle-item\">\n\t\t\t\t\t<div id=\"elementor-tab-title-29922\" class=\"elementor-tab-title\" data-tab=\"22\" role=\"button\" aria-controls=\"elementor-tab-content-29922\" aria-expanded=\"false\">\n\t\t\t\t\t\t\t\t\t\t\t\t<span class=\"elementor-toggle-icon elementor-toggle-icon-left\" aria-hidden=\"true\">\n\t\t\t\t\t\t\t\t\t\t\t\t\t\t\t<span class=\"elementor-toggle-icon-closed\"><i class=\"fas fa-caret-right\"><\/i><\/span>\n\t\t\t\t\t\t\t\t<span class=\"elementor-toggle-icon-opened\"><i class=\"elementor-toggle-icon-opened fas fa-caret-up\"><\/i><\/span>\n\t\t\t\t\t\t\t\t\t\t\t\t\t<\/span>\n\t\t\t\t\t\t\t\t\t\t\t\t<a class=\"elementor-toggle-title\" tabindex=\"0\">Como fa\u00e7o para renovar uma aprova\u00e7\u00e3o ou licen\u00e7a?<\/a>\n\t\t\t\t\t<\/div>\n\n\t\t\t\t\t<div id=\"elementor-tab-content-29922\" class=\"elementor-tab-content elementor-clearfix\" data-tab=\"22\" role=\"region\" aria-labelledby=\"elementor-tab-title-29922\"><p>A renova\u00e7\u00e3o pode ser solicitada via protocolo.<\/p><p>Aten\u00e7\u00e3o! Para solicitar renova\u00e7\u00e3o, o alvar\u00e1 deve estar dentro do prazo de validade. Caso contr\u00e1rio, ser\u00e1 necess\u00e1ria emiss\u00e3o de uma nova licen\u00e7a\/aprova\u00e7\u00e3o, bem como pagamento das respectivas taxas.<\/p><p><span style=\"text-decoration: underline; color: #0000ff;\"><a style=\"color: #0000ff; text-decoration: underline;\" href=\"https:\/\/ipojuca.1doc.com.br\/b.php?pg=wp\/wp&amp;itd=14&amp;is=962155&amp;iser=01KC9B8V3F516QG8HV3RYXTMBT\" target=\"_blank\" rel=\"noopener\">Solicitar renova\u00e7\u00e3o de Aprova\u00e7\u00e3o de Projeto (via 1Doc)<\/a><\/span><\/p><p><span style=\"text-decoration: underline; color: #0000ff;\"><a style=\"color: #0000ff;\" href=\"https:\/\/ipojuca.1doc.com.br\/b.php?pg=wp\/wp&amp;itd=14&amp;is=962819&amp;iser=01KH9CWZFDYGT2R89WJQ398RSV\" target=\"_blank\" rel=\"noopener\">Solicitar renova\u00e7\u00e3o de Licen\u00e7a de Execu\u00e7\u00e3o (via 1Doc)<\/a><\/span><\/p><\/div>\n\t\t\t\t<\/div>\n\t\t\t\t\t\t\t<div class=\"elementor-toggle-item\">\n\t\t\t\t\t<div id=\"elementor-tab-title-29923\" class=\"elementor-tab-title\" data-tab=\"23\" role=\"button\" aria-controls=\"elementor-tab-content-29923\" aria-expanded=\"false\">\n\t\t\t\t\t\t\t\t\t\t\t\t<span class=\"elementor-toggle-icon elementor-toggle-icon-left\" aria-hidden=\"true\">\n\t\t\t\t\t\t\t\t\t\t\t\t\t\t\t<span class=\"elementor-toggle-icon-closed\"><i class=\"fas fa-caret-right\"><\/i><\/span>\n\t\t\t\t\t\t\t\t<span class=\"elementor-toggle-icon-opened\"><i class=\"elementor-toggle-icon-opened fas fa-caret-up\"><\/i><\/span>\n\t\t\t\t\t\t\t\t\t\t\t\t\t<\/span>\n\t\t\t\t\t\t\t\t\t\t\t\t<a class=\"elementor-toggle-title\" tabindex=\"0\">Quais os ambientes de servi\u00e7o que precisam constar num projeto de Flat-service?<\/a>\n\t\t\t\t\t<\/div>\n\n\t\t\t\t\t<div id=\"elementor-tab-content-29923\" class=\"elementor-tab-content elementor-clearfix\" data-tab=\"23\" role=\"region\" aria-labelledby=\"elementor-tab-title-29923\"><p>Precisam constar, no m\u00ednimo:<\/p><p>&#8211; depend\u00eancia destinada \u00e0 recep\u00e7\u00e3o ou espera;<br \/>&#8211; depend\u00eancia destinada \u00e0 administra\u00e7\u00e3o;<br \/>&#8211; dep\u00f3sito de roupa servida, independente de possuir lavanderia;<br \/>&#8211; local apropriado para insolamento de colch\u00f5es, travesseiros e cobertores, independente de possuir lavanderia;<br \/>&#8211; local para passar ferro, independente de possuir lavanderia;<br \/>&#8211; dep\u00f3sito de roupa limpa, independente de possuir lavanderia;<br \/>&#8211; dep\u00f3sito ou almoxarifado;<br \/>&#8211; dep\u00f3sito para guarda de bagagem de h\u00f3spedes;<br \/>&#8211; \u00e1reas para lazer e recrea\u00e7\u00e3o;<br \/>&#8211; sanit\u00e1rio de servi\u00e7o, independentes dos destinados aos h\u00f3spedes e residentes, contendo, no m\u00ednimo, 01 (um) vaso sanit\u00e1rio, 01 (um) lavat\u00f3rio, 02 (dois) mict\u00f3rios e 02 (dois) chuveiros, para cada grupo de 15 (quinze) funcion\u00e1rios, ou fra\u00e7\u00e3o, do sexo masculino e 01 vaso sanit\u00e1rio, 01 (um) lavat\u00f3rio, 02 (duas) duchas e 02 (dois) chuveiros para cada grupo de 15 (quinze) funcion\u00e1rios, ou fra\u00e7\u00e3o, do sexo feminino;<br \/>&#8211; local para refei\u00e7\u00f5es dos funcion\u00e1rios.<\/p><p>\u00c9 importante verificar todas as regras em:<\/p><p><span style=\"text-decoration: underline;\"><a href=\"https:\/\/drive.google.com\/file\/d\/1vfVwhM2tGoSfPqZ5dgbD-S1y0E-cKAPs\/view?usp=drive_link\" target=\"_blank\" rel=\"noopener\">Anexo VII da Lei 1490\/08 (Uso e Ocupa\u00e7\u00e3o do Solo)<\/a><\/span><\/p><\/div>\n\t\t\t\t<\/div>\n\t\t\t\t\t\t\t<div class=\"elementor-toggle-item\">\n\t\t\t\t\t<div id=\"elementor-tab-title-29924\" class=\"elementor-tab-title\" data-tab=\"24\" role=\"button\" aria-controls=\"elementor-tab-content-29924\" aria-expanded=\"false\">\n\t\t\t\t\t\t\t\t\t\t\t\t<span class=\"elementor-toggle-icon elementor-toggle-icon-left\" aria-hidden=\"true\">\n\t\t\t\t\t\t\t\t\t\t\t\t\t\t\t<span class=\"elementor-toggle-icon-closed\"><i class=\"fas fa-caret-right\"><\/i><\/span>\n\t\t\t\t\t\t\t\t<span class=\"elementor-toggle-icon-opened\"><i class=\"elementor-toggle-icon-opened fas fa-caret-up\"><\/i><\/span>\n\t\t\t\t\t\t\t\t\t\t\t\t\t<\/span>\n\t\t\t\t\t\t\t\t\t\t\t\t<a class=\"elementor-toggle-title\" tabindex=\"0\">Como funciona o licenciamento para torre \/ antena de telecomunica\u00e7\u00e3o?<\/a>\n\t\t\t\t\t<\/div>\n\n\t\t\t\t\t<div id=\"elementor-tab-content-29924\" class=\"elementor-tab-content elementor-clearfix\" data-tab=\"24\" role=\"region\" aria-labelledby=\"elementor-tab-title-29924\"><p>Neste caso \u00e9 emitida uma Licen\u00e7a de Instala\u00e7\u00e3o espec\u00edfica.\u00a0<\/p><p><span style=\"text-decoration: underline; color: #0000ff;\"><a style=\"color: #0000ff; text-decoration: underline;\" href=\"https:\/\/ipojuca.1doc.com.br\/b.php?pg=wp\/wp&amp;itd=14&amp;is=961924&amp;iser=01KCHPTMBTC11Z0YDZ179CF6XG\" target=\"_blank\" rel=\"noopener\">Solicitar On-line (via 1Doc)<\/a><\/span><\/p><\/div>\n\t\t\t\t<\/div>\n\t\t\t\t\t\t\t<div class=\"elementor-toggle-item\">\n\t\t\t\t\t<div id=\"elementor-tab-title-29925\" class=\"elementor-tab-title\" data-tab=\"25\" role=\"button\" aria-controls=\"elementor-tab-content-29925\" aria-expanded=\"false\">\n\t\t\t\t\t\t\t\t\t\t\t\t<span class=\"elementor-toggle-icon elementor-toggle-icon-left\" aria-hidden=\"true\">\n\t\t\t\t\t\t\t\t\t\t\t\t\t\t\t<span class=\"elementor-toggle-icon-closed\"><i class=\"fas fa-caret-right\"><\/i><\/span>\n\t\t\t\t\t\t\t\t<span class=\"elementor-toggle-icon-opened\"><i class=\"elementor-toggle-icon-opened fas fa-caret-up\"><\/i><\/span>\n\t\t\t\t\t\t\t\t\t\t\t\t\t<\/span>\n\t\t\t\t\t\t\t\t\t\t\t\t<a class=\"elementor-toggle-title\" tabindex=\"0\">O que \u00e9 Estudo de Impacto de Vizinhan\u00e7a (EIV)?<\/a>\n\t\t\t\t\t<\/div>\n\n\t\t\t\t\t<div id=\"elementor-tab-content-29925\" class=\"elementor-tab-content elementor-clearfix\" data-tab=\"25\" role=\"region\" aria-labelledby=\"elementor-tab-title-29925\"><p>\u00c9 um estudo t\u00e9cnico exigido por lei, que deve ser apresentado pelo solicitante e que auxilia a an\u00e1lise de empreendimentos de grande porte ou potencialmente geradores de impacto no espa\u00e7o urbano.<br \/>Para elabora\u00e7\u00e3o do EIV, disponibilizamos um <span style=\"text-decoration: underline;\"><a href=\"https:\/\/drive.google.com\/file\/d\/18Cj4peDMsIJoHdJpRqYWgvBShbKd7tBX\/view?usp=drive_link\" target=\"_blank\" rel=\"noopener\">termo de refer\u00eancia<\/a>.<\/span><\/p><\/div>\n\t\t\t\t<\/div>\n\t\t\t\t\t\t\t<div class=\"elementor-toggle-item\">\n\t\t\t\t\t<div id=\"elementor-tab-title-29926\" class=\"elementor-tab-title\" data-tab=\"26\" role=\"button\" aria-controls=\"elementor-tab-content-29926\" aria-expanded=\"false\">\n\t\t\t\t\t\t\t\t\t\t\t\t<span class=\"elementor-toggle-icon elementor-toggle-icon-left\" aria-hidden=\"true\">\n\t\t\t\t\t\t\t\t\t\t\t\t\t\t\t<span class=\"elementor-toggle-icon-closed\"><i class=\"fas fa-caret-right\"><\/i><\/span>\n\t\t\t\t\t\t\t\t<span class=\"elementor-toggle-icon-opened\"><i class=\"elementor-toggle-icon-opened fas fa-caret-up\"><\/i><\/span>\n\t\t\t\t\t\t\t\t\t\t\t\t\t<\/span>\n\t\t\t\t\t\t\t\t\t\t\t\t<a class=\"elementor-toggle-title\" tabindex=\"0\">Preciso de autoriza\u00e7\u00e3o para realizar um evento?<\/a>\n\t\t\t\t\t<\/div>\n\n\t\t\t\t\t<div id=\"elementor-tab-content-29926\" class=\"elementor-tab-content elementor-clearfix\" data-tab=\"26\" role=\"region\" aria-labelledby=\"elementor-tab-title-29926\"><p>Sim! \u00c9 necess\u00e1rio solicitar formalmente a realiza\u00e7\u00e3o de eventos, sejam eles musicais, religiosos, gastron\u00f4micos, shows, caminhadas, corridas, cavalgadas etc.<\/p><p><span style=\"text-decoration: underline; color: #0000ff;\"><a style=\"color: #0000ff; text-decoration: underline;\" href=\"https:\/\/ipojuca.1doc.com.br\/b.php?pg=wp\/wp&amp;itd=14&amp;is=962846&amp;iser=01KHC4FNG3GEASW7BR6KKW189J\" target=\"_blank\" rel=\"noopener\">Solicite aqui (via 1Doc).<\/a><\/span><\/p><\/div>\n\t\t\t\t<\/div>\n\t\t\t\t\t\t\t<div class=\"elementor-toggle-item\">\n\t\t\t\t\t<div id=\"elementor-tab-title-29927\" class=\"elementor-tab-title\" data-tab=\"27\" role=\"button\" aria-controls=\"elementor-tab-content-29927\" aria-expanded=\"false\">\n\t\t\t\t\t\t\t\t\t\t\t\t<span class=\"elementor-toggle-icon elementor-toggle-icon-left\" aria-hidden=\"true\">\n\t\t\t\t\t\t\t\t\t\t\t\t\t\t\t<span class=\"elementor-toggle-icon-closed\"><i class=\"fas fa-caret-right\"><\/i><\/span>\n\t\t\t\t\t\t\t\t<span class=\"elementor-toggle-icon-opened\"><i class=\"elementor-toggle-icon-opened fas fa-caret-up\"><\/i><\/span>\n\t\t\t\t\t\t\t\t\t\t\t\t\t<\/span>\n\t\t\t\t\t\t\t\t\t\t\t\t<a class=\"elementor-toggle-title\" tabindex=\"0\">N\u00e3o encontrei o que procurava na lista de solicita\u00e7\u00f5es<\/a>\n\t\t\t\t\t<\/div>\n\n\t\t\t\t\t<div id=\"elementor-tab-content-29927\" class=\"elementor-tab-content elementor-clearfix\" data-tab=\"27\" role=\"region\" aria-labelledby=\"elementor-tab-title-29927\"><p>Para outras solicita\u00e7\u00f5es:<\/p><p><span style=\"text-decoration: underline; color: #0000ff;\"><a style=\"color: #0000ff;\" href=\"https:\/\/ipojuca.1doc.com.br\/b.php?pg=wp\/wp&amp;itd=5&amp;is=962941\" target=\"_blank\" rel=\"noopener\">Protocole aqui (via 1Doc)<\/a><\/span><\/p><p>No campo &#8220;Descri\u00e7\u00e3o&#8221; explique do que se trata a solicita\u00e7\u00e3o.<\/p><\/div>\n\t\t\t\t<\/div>\n\t\t\t\t\t\t\t\t<\/div>\n\t\t\t\t<\/div>\n\t\t\t\t<\/div>\n\t\t\t\t\t<\/div>\n\t\t<\/div>\n\t\t\t\t\t<\/div>\n\t\t<\/section>\n\t\t\t\t<\/div>\n\t\t","protected":false},"excerpt":{"rendered":"<p>D\u00daVIDAS FREQUENTES Posso abrir um protocolo online? Sim! Confira a lista completa de solicita\u00e7\u00f5es aqui. Onde confiro a documenta\u00e7\u00e3o necess\u00e1ria para licenciamento? Voc\u00ea pode conferir as listas de documenta\u00e7\u00e3o exigida por assunto na p\u00e1gina de Solicita\u00e7\u00f5es. Quanto custam as taxas de licenciamento? \u00a0 Fonte: C\u00f3digo Tribut\u00e1rio Municipal (Lei 1181\/95) Existe um modelo de prancha\/carimbo para [&hellip;]<\/p>\n","protected":false},"author":1,"featured_media":0,"parent":0,"menu_order":0,"comment_status":"closed","ping_status":"closed","template":"elementor_canvas","meta":{"footnotes":""},"class_list":["post-2734","page","type-page","status-publish","hentry"],"_links":{"self":[{"href":"https:\/\/ipojucaurbanoambiental.com.br\/index.php\/wp-json\/wp\/v2\/pages\/2734","targetHints":{"allow":["GET"]}}],"collection":[{"href":"https:\/\/ipojucaurbanoambiental.com.br\/index.php\/wp-json\/wp\/v2\/pages"}],"about":[{"href":"https:\/\/ipojucaurbanoambiental.com.br\/index.php\/wp-json\/wp\/v2\/types\/page"}],"author":[{"embeddable":true,"href":"https:\/\/ipojucaurbanoambiental.com.br\/index.php\/wp-json\/wp\/v2\/users\/1"}],"replies":[{"embeddable":true,"href":"https:\/\/ipojucaurbanoambiental.com.br\/index.php\/wp-json\/wp\/v2\/comments?post=2734"}],"version-history":[{"count":55,"href":"https:\/\/ipojucaurbanoambiental.com.br\/index.php\/wp-json\/wp\/v2\/pages\/2734\/revisions"}],"predecessor-version":[{"id":3031,"href":"https:\/\/ipojucaurbanoambiental.com.br\/index.php\/wp-json\/wp\/v2\/pages\/2734\/revisions\/3031"}],"wp:attachment":[{"href":"https:\/\/ipojucaurbanoambiental.com.br\/index.php\/wp-json\/wp\/v2\/media?parent=2734"}],"curies":[{"name":"wp","href":"https:\/\/api.w.org\/{rel}","templated":true}]}}